{"version":"1.0","provider_name":"RQ 99.9","provider_url":"https:\/\/nahuelproducciones.com.ar\/radioquijano","author_name":"Ricardo Guzman","author_url":"https:\/\/nahuelproducciones.com.ar\/radioquijano\/author\/cady\/","title":"Alerta Metereol\u00f3gico por fuertes vientos - RQ 99.9","type":"rich","width":600,"height":338,"html":"<blockquote class=\"wp-embedded-content\" data-secret=\"zA6CHmhgX1\"><a href=\"https:\/\/nahuelproducciones.com.ar\/radioquijano\/alerta-metereologico-por-fuertes-vientos\/\">Alerta Metereol\u00f3gico por fuertes vientos<\/a><\/blockquote><iframe sandbox=\"allow-scripts\" security=\"restricted\" src=\"https:\/\/nahuelproducciones.com.ar\/radioquijano\/alerta-metereologico-por-fuertes-vientos\/embed\/#?secret=zA6CHmhgX1\" width=\"600\" height=\"338\" title=\"\u00abAlerta Metereol\u00f3gico por fuertes vientos\u00bb \u2014 RQ 99.9\" data-secret=\"zA6CHmhgX1\" frameborder=\"0\" marginwidth=\"0\" marginheight=\"0\" scrolling=\"no\" class=\"wp-embedded-content\"><\/iframe><script type=\"text\/javascript\">\n\/* <![CDATA[ *\/\n\/*! This file is auto-generated *\/\n!function(d,l){\"use strict\";l.querySelector&&d.addEventListener&&\"undefined\"!=typeof URL&&(d.wp=d.wp||{},d.wp.receiveEmbedMessage||(d.wp.receiveEmbedMessage=function(e){var t=e.data;if((t||t.secret||t.message||t.value)&&!\/[^a-zA-Z0-9]\/.test(t.secret)){for(var s,r,n,a=l.querySelectorAll('iframe[data-secret=\"'+t.secret+'\"]'),o=l.querySelectorAll('blockquote[data-secret=\"'+t.secret+'\"]'),c=new RegExp(\"^https?:$\",\"i\"),i=0;i<o.length;i++)o[i].style.display=\"none\";for(i=0;i<a.length;i++)s=a[i],e.source===s.contentWindow&&(s.removeAttribute(\"style\"),\"height\"===t.message?(1e3<(r=parseInt(t.value,10))?r=1e3:~~r<200&&(r=200),s.height=r):\"link\"===t.message&&(r=new URL(s.getAttribute(\"src\")),n=new URL(t.value),c.test(n.protocol))&&n.host===r.host&&l.activeElement===s&&(d.top.location.href=t.value))}},d.addEventListener(\"message\",d.wp.receiveEmbedMessage,!1),l.addEventListener(\"DOMContentLoaded\",function(){for(var e,t,s=l.querySelectorAll(\"iframe.wp-embedded-content\"),r=0;r<s.length;r++)(t=(e=s[r]).getAttribute(\"data-secret\"))||(t=Math.random().toString(36).substring(2,12),e.src+=\"#?secret=\"+t,e.setAttribute(\"data-secret\",t)),e.contentWindow.postMessage({message:\"ready\",secret:t},\"*\")},!1)))}(window,document);\n\/* ]]> *\/\n<\/script>\n","thumbnail_url":"https:\/\/nahuelproducciones.com.ar\/radioquijano\/wp-content\/uploads\/2022\/10\/alerta.jpg","thumbnail_width":960,"thumbnail_height":948,"description":"Contin\u00faa vigente el alerta meteorol\u00f3gico por probabilidad de viento\u00a0para ma\u00f1ana en los Departamentos\u00a0de San Mart\u00edn, Or\u00e1n, Rivadavia, Santa Victoria, Anta, Capital, Cerrillos, Guachipas, Chicoana, Cafayate, Rosario de Lerma, Met\u00e1n, Rosario de la Frontera, La Candelaria, La Vi\u00f1a, La Caldera\u00a0y General G\u00fcemes, pudiendo producirse r\u00e1fagas\u00a0moderadas en departamentos vecinos. Las intensidades oscilaran entre 40 a 50 km\/hs. [&hellip;]"}